{"id":1738,"date":"2024-05-14T17:45:44","date_gmt":"2024-05-14T17:45:44","guid":{"rendered":"https:\/\/zentrum.mx\/?page_id=1738"},"modified":"2026-04-09T23:48:11","modified_gmt":"2026-04-09T23:48:11","slug":"noticias","status":"publish","type":"page","link":"https:\/\/zentrum.mx\/en\/noticias\/","title":{"rendered":"News"},"content":{"rendered":"<p><div class=\"fusion-fullwidth fullwidth-box fusion-builder-row-1 fusion-flex-container has-pattern-background has-mask-background fusion-parallax-fixed nonhundred-percent-fullwidth non-hundred-percent-height-scrolling lazyload\" style=\"--awb-background-blend-mode:multiply;--awb-border-radius-top-left:0px;--awb-border-radius-top-right:0px;--awb-border-radius-bottom-right:0px;--awb-border-radius-bottom-left:0px;--awb-padding-top:200px;--awb-padding-bottom:200px;--awb-background-image:linear-gradient(180deg, var(--awb-color5) 0%,#77b810 100%);;--awb-background-size:cover;--awb-flex-wrap:wrap;background-attachment:fixed;\" data-bg=\"https:\/\/zentrum.mx\/wp-content\/uploads\/2025\/10\/Noticias.png\" data-bg-gradient=\"linear-gradient(180deg, var(--awb-color5) 0%,#77b810 100%)\" ><div class=\"fusion-builder-row fusion-row fusion-flex-align-items-flex-start fusion-flex-content-wrap\" style=\"max-width:1248px;margin-left: calc(-4% \/ 2 );margin-right: calc(-4% \/ 2 );\"><div class=\"fusion-layout-column fusion_builder_column fusion-builder-column-0 fusion_builder_column_1_1 1_1 fusion-flex-column\" style=\"--awb-bg-size:cover;--awb-width-large:100%;--awb-spacing-right-large:1.92%;--awb-margin-bottom-large:0px;--awb-spacing-left-large:1.92%;--awb-width-medium:100%;--awb-order-medium:0;--awb-spacing-right-medium:1.92%;--awb-spacing-left-medium:1.92%;--awb-width-small:100%;--awb-order-small:0;--awb-spacing-right-small:1.92%;--awb-spacing-left-small:1.92%;\"><div class=\"fusion-column-wrapper fusion-column-has-shadow fusion-flex-justify-content-flex-start fusion-content-layout-column\"><div class=\"fusion-title title fusion-title-1 fusion-sep-none fusion-title-scroll_reveal fusion-animate-once awb-title__scroll-reveal--color_change fusion-title-size-one\" data-scroll-reveal-effect=\"color_change\" data-scroll-reveal-above-fold=\"1\" data-scroll-reveal-basis=\"chars\" data-scroll-reveal-behavior=\"always\" data-scroll-reveal-duration=\"0.5\" data-scroll-reveal-stagger=\"0.2\" data-scroll-reveal-delay=\"0\" data-scroll-reveal-counter=\"1\"><h1 class=\"fusion-title-heading title-heading-left fusion-responsive-typography-calculated\" style=\"margin:0;--fontSize:62;line-height:var(--awb-typography1-line-height);\"><h1><span style=\"color: #ffffff;\">NOTICIAS<\/span><\/h1><\/h1><\/div><\/div><\/div><\/div><\/div><div class=\"fusion-fullwidth fullwidth-box fusion-builder-row-2 fusion-flex-container has-pattern-background has-mask-background nonhundred-percent-fullwidth non-hundred-percent-height-scrolling\" style=\"--awb-border-radius-top-left:0px;--awb-border-radius-top-right:0px;--awb-border-radius-bottom-right:0px;--awb-border-radius-bottom-left:0px;--awb-margin-top:100px;--awb-margin-bottom:100px;--awb-flex-wrap:wrap;\" ><div class=\"fusion-builder-row fusion-row fusion-flex-align-items-flex-start fusion-flex-content-wrap\" style=\"max-width:1248px;margin-left: calc(-4% \/ 2 );margin-right: calc(-4% \/ 2 );\"><div class=\"fusion-layout-column fusion_builder_column fusion-builder-column-1 fusion_builder_column_1_1 1_1 fusion-flex-column\" style=\"--awb-bg-size:cover;--awb-width-large:100%;--awb-spacing-right-large:1.92%;--awb-margin-bottom-large:0px;--awb-spacing-left-large:1.92%;--awb-width-medium:100%;--awb-order-medium:0;--awb-spacing-right-medium:1.92%;--awb-spacing-left-medium:1.92%;--awb-width-small:100%;--awb-order-small:0;--awb-spacing-right-small:1.92%;--awb-spacing-left-small:1.92%;\"><div class=\"fusion-column-wrapper fusion-column-has-shadow fusion-flex-justify-content-flex-start fusion-content-layout-column\"><div class=\"fusion-blog-shortcode fusion-blog-shortcode-1 fusion-blog-archive fusion-blog-layout-grid-wrapper fusion-blog-pagination\" style=\"--awb-title-font-size:16px;\"><style type=\"text\/css\">.fusion-blog-shortcode-1 .fusion-blog-layout-grid .fusion-post-grid{padding:20px;}.fusion-blog-shortcode-1 .fusion-posts-container{margin-left: -20px !important; margin-right:-20px !important;}<\/style><div class=\"fusion-posts-container fusion-posts-container-pagination fusion-no-meta-info fusion-blog-rollover fusion-blog-layout-grid fusion-blog-layout-grid-3 isotope fusion-blog-equal-heights\" data-pages=\"1\" data-grid-col-space=\"40\" style=\"margin: -20px -20px 0;min-height:500px;\"><article id=\"blog-1-post-3217\" class=\"fusion-post-grid post-3217 post type-post status-publish format-standard has-post-thumbnail hentry category-sin-categoria\">\n<div class=\"fusion-post-wrapper\" style=\"background-color:rgba(255,255,255,0);border:1px solid var(--awb-color2);border-bottom-width:3px;\">\n\n\t\t\t<div class=\"fusion-flexslider flexslider fusion-flexslider-loading fusion-post-slideshow\" style=\"border-color:var(--awb-color2);\">\n\t\t<ul class=\"slides\">\n\t\t\t\n\t\t\t\t\t\t\t\t\t\t\t\t\t\t<li><div  class=\"fusion-image-wrapper\" aria-haspopup=\"true\">\n\t\t\t\t<img decoding=\"async\" width=\"225\" height=\"225\" src=\"https:\/\/zentrum.mx\/wp-content\/uploads\/2026\/03\/ninoxnino.png\" class=\"attachment-full size-full lazyload wp-post-image\" alt=\"\" srcset=\"data:image\/svg+xml,%3Csvg%20xmlns%3D%27http%3A%2F%2Fwww.w3.org%2F2000%2Fsvg%27%20width%3D%27225%27%20height%3D%27225%27%20viewBox%3D%270%200%20225%20225%27%3E%3Crect%20width%3D%27225%27%20height%3D%27225%27%20fill-opacity%3D%220%22%2F%3E%3C%2Fsvg%3E\" data-orig-src=\"https:\/\/zentrum.mx\/wp-content\/uploads\/2026\/03\/ninoxnino.png\" data-srcset=\"https:\/\/zentrum.mx\/wp-content\/uploads\/2026\/03\/ninoxnino-200x200.png 200w, https:\/\/zentrum.mx\/wp-content\/uploads\/2026\/03\/ninoxnino.png 225w\" data-sizes=\"auto\" \/><div class=\"fusion-rollover\">\n\t<div class=\"fusion-rollover-content\">\n\n\t\t\t\t\t\t\t\t\t\t\t\t\t\t<a class=\"fusion-rollover-link\" href=\"https:\/\/zentrum.mx\/en\/compromiso-social-inzentrum-trabajando-juntos-por-una-sociedad-mas-solidaria\/\">Compromiso Social Inzentrum Trabajando juntos por una sociedad m\u00e1s solidaria<\/a>\n\t\t\t\n\t\t\t\t\t\t\t\t\t\t\t\t\t\t\n\t\t\t\t\t\t\t\t\n\t\t\t\t\t\t\t\t\t\t\t\t\t<div class=\"fusion-rollover-sep\"><\/div>\n\t\t\t\t\n\t\t\t\t\t\t\t\t\t\t\t\t\t\t\t\t\t\t<a class=\"fusion-rollover-gallery\" href=\"https:\/\/zentrum.mx\/wp-content\/uploads\/2026\/03\/ninoxnino.png\" data-options=\"\" data-id=\"3217\" data-rel=\"iLightbox[gallery]\" data-title=\"ni\u00f1oxni\u00f1o\" data-caption=\"\">\n\t\t\t\t\t\tGallery\t\t\t\t\t<\/a>\n\t\t\t\t\t\t\t\t\t\t\t\t\t\t\n\t\t\n\t\t\t\t\t\t\t\t\t\t\t\t<h4 class=\"fusion-rollover-title\">\n\t\t\t\t\t<a class=\"fusion-rollover-title-link\" href=\"https:\/\/zentrum.mx\/en\/compromiso-social-inzentrum-trabajando-juntos-por-una-sociedad-mas-solidaria\/\">\n\t\t\t\t\t\tCompromiso Social Inzentrum Trabajando juntos por una sociedad m\u00e1s solidaria\t\t\t\t\t<\/a>\n\t\t\t\t<\/h4>\n\t\t\t\n\t\t\t\t\t\t\t\t\t\t<div class=\"fusion-rollover-categories\"><a href=\"https:\/\/zentrum.mx\/en\/category\/sin-categoria\/\" rel=\"tag\">Sin categor\u00eda<\/a><\/div>\t\t\t\t\t\n\t\t\n\t\t\t\t\t\t<a class=\"fusion-link-wrapper\" href=\"https:\/\/zentrum.mx\/en\/compromiso-social-inzentrum-trabajando-juntos-por-una-sociedad-mas-solidaria\/\" aria-label=\"Compromiso Social Inzentrum Trabajando juntos por una sociedad m\u00e1s solidaria\"><\/a>\n\t<\/div>\n<\/div>\n<\/div>\n<\/li>\n\t\t\t\n\t\t\t\n\t\t\t\t\t\t\t\t\t\t\t\t\t\t\t\t\t\t\t\t\t\t\t\t\t\t\t\t\t\t\t\t\t\t\t\t\t\t\t\t\t\t\t\t\t\t\t\t\t\t\t\t\t\t\t\t\t\t\t\t\t\t\t\t\t\t\t\t<\/ul>\n\t<\/div>\n\t<div class=\"fusion-post-content-wrapper\" style=\"padding:30px 25px 25px 25px;\"><div class=\"fusion-post-content post-content\"><h3 class=\"blog-shortcode-post-title entry-title\"><a href=\"https:\/\/zentrum.mx\/en\/compromiso-social-inzentrum-trabajando-juntos-por-una-sociedad-mas-solidaria\/\">Compromiso Social Inzentrum Trabajando juntos por una sociedad m\u00e1s solidaria<\/a><\/h3><div class=\"fusion-post-content-container\"><p>En Inzentrum\u00a0estamos convencidos de que el \u00e9xito empresarial debe ir [...]<\/p><\/div><\/div><\/div><div class=\"fusion-clearfix\"><\/div><\/div>\n<\/article>\n<article id=\"blog-1-post-3208\" class=\"fusion-post-grid post-3208 post type-post status-publish format-standard has-post-thumbnail hentry category-sin-categoria\">\n<div class=\"fusion-post-wrapper\" style=\"background-color:rgba(255,255,255,0);border:1px solid var(--awb-color2);border-bottom-width:3px;\">\n\n\t\t\t<div class=\"fusion-flexslider flexslider fusion-flexslider-loading fusion-post-slideshow\" style=\"border-color:var(--awb-color2);\">\n\t\t<ul class=\"slides\">\n\t\t\t\n\t\t\t\t\t\t\t\t\t\t\t\t\t\t<li><div  class=\"fusion-image-wrapper\" aria-haspopup=\"true\">\n\t\t\t\t<img decoding=\"async\" width=\"249\" height=\"223\" src=\"https:\/\/zentrum.mx\/wp-content\/uploads\/2026\/03\/Imagen2.png\" class=\"attachment-full size-full lazyload wp-post-image\" alt=\"\" srcset=\"data:image\/svg+xml,%3Csvg%20xmlns%3D%27http%3A%2F%2Fwww.w3.org%2F2000%2Fsvg%27%20width%3D%27249%27%20height%3D%27223%27%20viewBox%3D%270%200%20249%20223%27%3E%3Crect%20width%3D%27249%27%20height%3D%27223%27%20fill-opacity%3D%220%22%2F%3E%3C%2Fsvg%3E\" data-orig-src=\"https:\/\/zentrum.mx\/wp-content\/uploads\/2026\/03\/Imagen2.png\" data-srcset=\"https:\/\/zentrum.mx\/wp-content\/uploads\/2026\/03\/Imagen2-200x179.png 200w, https:\/\/zentrum.mx\/wp-content\/uploads\/2026\/03\/Imagen2.png 249w\" data-sizes=\"auto\" \/><div class=\"fusion-rollover\">\n\t<div class=\"fusion-rollover-content\">\n\n\t\t\t\t\t\t\t\t\t\t\t\t\t\t<a class=\"fusion-rollover-link\" href=\"https:\/\/zentrum.mx\/en\/innovacion-circular-en-empaque-menos-carton-mas-reutilizacion\/\">Innovaci\u00f3n circular en empaque: menos cart\u00f3n, m\u00e1s reutilizaci\u00f3n.<\/a>\n\t\t\t\n\t\t\t\t\t\t\t\t\t\t\t\t\t\t\n\t\t\t\t\t\t\t\t\n\t\t\t\t\t\t\t\t\t\t\t\t\t<div class=\"fusion-rollover-sep\"><\/div>\n\t\t\t\t\n\t\t\t\t\t\t\t\t\t\t\t\t\t\t\t\t\t\t<a class=\"fusion-rollover-gallery\" href=\"https:\/\/zentrum.mx\/wp-content\/uploads\/2026\/03\/Imagen2.png\" data-options=\"\" data-id=\"3208\" data-rel=\"iLightbox[gallery]\" data-title=\"Imagen2\" data-caption=\"\">\n\t\t\t\t\t\tGallery\t\t\t\t\t<\/a>\n\t\t\t\t\t\t\t\t\t\t\t\t\t\t\n\t\t\n\t\t\t\t\t\t\t\t\t\t\t\t<h4 class=\"fusion-rollover-title\">\n\t\t\t\t\t<a class=\"fusion-rollover-title-link\" href=\"https:\/\/zentrum.mx\/en\/innovacion-circular-en-empaque-menos-carton-mas-reutilizacion\/\">\n\t\t\t\t\t\tInnovaci\u00f3n circular en empaque: menos cart\u00f3n, m\u00e1s reutilizaci\u00f3n.\t\t\t\t\t<\/a>\n\t\t\t\t<\/h4>\n\t\t\t\n\t\t\t\t\t\t\t\t\t\t<div class=\"fusion-rollover-categories\"><a href=\"https:\/\/zentrum.mx\/en\/category\/sin-categoria\/\" rel=\"tag\">Sin categor\u00eda<\/a><\/div>\t\t\t\t\t\n\t\t\n\t\t\t\t\t\t<a class=\"fusion-link-wrapper\" href=\"https:\/\/zentrum.mx\/en\/innovacion-circular-en-empaque-menos-carton-mas-reutilizacion\/\" aria-label=\"Innovaci\u00f3n circular en empaque: menos cart\u00f3n, m\u00e1s reutilizaci\u00f3n.\"><\/a>\n\t<\/div>\n<\/div>\n<\/div>\n<\/li>\n\t\t\t\n\t\t\t\n\t\t\t\t\t\t\t\t\t\t\t\t\t\t\t\t\t\t\t\t\t\t\t\t\t\t\t\t\t\t\t\t\t\t\t\t\t\t\t\t\t\t\t\t\t\t\t\t\t\t\t\t\t\t\t\t\t\t\t\t\t\t\t\t\t\t\t\t<\/ul>\n\t<\/div>\n\t<div class=\"fusion-post-content-wrapper\" style=\"padding:30px 25px 25px 25px;\"><div class=\"fusion-post-content post-content\"><h3 class=\"blog-shortcode-post-title entry-title\"><a href=\"https:\/\/zentrum.mx\/en\/innovacion-circular-en-empaque-menos-carton-mas-reutilizacion\/\">Innovaci\u00f3n circular en empaque: menos cart\u00f3n, m\u00e1s reutilizaci\u00f3n.<\/a><\/h3><div class=\"fusion-post-content-container\"><p>En Zentrum seguimos avanzando hacia un modelo de operaci\u00f3n m\u00e1s [...]<\/p><\/div><\/div><\/div><div class=\"fusion-clearfix\"><\/div><\/div>\n<\/article>\n<article id=\"blog-1-post-3203\" class=\"fusion-post-grid post-3203 post type-post status-publish format-standard has-post-thumbnail hentry category-sin-categoria\">\n<div class=\"fusion-post-wrapper\" style=\"background-color:rgba(255,255,255,0);border:1px solid var(--awb-color2);border-bottom-width:3px;\">\n\n\t\t\t<div class=\"fusion-flexslider flexslider fusion-flexslider-loading fusion-post-slideshow\" style=\"border-color:var(--awb-color2);\">\n\t\t<ul class=\"slides\">\n\t\t\t\n\t\t\t\t\t\t\t\t\t\t\t\t\t\t<li><div  class=\"fusion-image-wrapper\" aria-haspopup=\"true\">\n\t\t\t\t<img decoding=\"async\" width=\"163\" height=\"156\" src=\"data:image\/svg+xml,%3Csvg%20xmlns%3D%27http%3A%2F%2Fwww.w3.org%2F2000%2Fsvg%27%20width%3D%27163%27%20height%3D%27156%27%20viewBox%3D%270%200%20163%20156%27%3E%3Crect%20width%3D%27163%27%20height%3D%27156%27%20fill-opacity%3D%220%22%2F%3E%3C%2Fsvg%3E\" class=\"attachment-full size-full lazyload wp-post-image\" alt=\"\" data-orig-src=\"https:\/\/zentrum.mx\/wp-content\/uploads\/2026\/03\/Imagen1.jpg\" \/><div class=\"fusion-rollover\">\n\t<div class=\"fusion-rollover-content\">\n\n\t\t\t\t\t\t\t\t\t\t\t\t\t\t<a class=\"fusion-rollover-link\" href=\"https:\/\/zentrum.mx\/en\/hacia-una-operacion-mas-eficiente-rumbo-a-la-certificacion-iso-50001\/\">Hacia una operaci\u00f3n m\u00e1s eficiente: rumbo a la certificaci\u00f3n ISO 50001<\/a>\n\t\t\t\n\t\t\t\t\t\t\t\t\t\t\t\t\t\t\n\t\t\t\t\t\t\t\t\n\t\t\t\t\t\t\t\t\t\t\t\t\t<div class=\"fusion-rollover-sep\"><\/div>\n\t\t\t\t\n\t\t\t\t\t\t\t\t\t\t\t\t\t\t\t\t\t\t<a class=\"fusion-rollover-gallery\" href=\"https:\/\/zentrum.mx\/wp-content\/uploads\/2026\/03\/Imagen1.jpg\" data-options=\"\" data-id=\"3203\" data-rel=\"iLightbox[gallery]\" data-title=\"Imagen1\" data-caption=\"\">\n\t\t\t\t\t\tGallery\t\t\t\t\t<\/a>\n\t\t\t\t\t\t\t\t\t\t\t\t\t\t\n\t\t\n\t\t\t\t\t\t\t\t\t\t\t\t<h4 class=\"fusion-rollover-title\">\n\t\t\t\t\t<a class=\"fusion-rollover-title-link\" href=\"https:\/\/zentrum.mx\/en\/hacia-una-operacion-mas-eficiente-rumbo-a-la-certificacion-iso-50001\/\">\n\t\t\t\t\t\tHacia una operaci\u00f3n m\u00e1s eficiente: rumbo a la certificaci\u00f3n ISO 50001\t\t\t\t\t<\/a>\n\t\t\t\t<\/h4>\n\t\t\t\n\t\t\t\t\t\t\t\t\t\t<div class=\"fusion-rollover-categories\"><a href=\"https:\/\/zentrum.mx\/en\/category\/sin-categoria\/\" rel=\"tag\">Sin categor\u00eda<\/a><\/div>\t\t\t\t\t\n\t\t\n\t\t\t\t\t\t<a class=\"fusion-link-wrapper\" href=\"https:\/\/zentrum.mx\/en\/hacia-una-operacion-mas-eficiente-rumbo-a-la-certificacion-iso-50001\/\" aria-label=\"Hacia una operaci\u00f3n m\u00e1s eficiente: rumbo a la certificaci\u00f3n ISO 50001\"><\/a>\n\t<\/div>\n<\/div>\n<\/div>\n<\/li>\n\t\t\t\n\t\t\t\n\t\t\t\t\t\t\t\t\t\t\t\t\t\t\t\t\t\t\t\t\t\t\t\t\t\t\t\t\t\t\t\t\t\t\t\t\t\t\t\t\t\t\t\t\t\t\t\t\t\t\t\t\t\t\t\t\t\t\t\t\t\t\t\t\t\t\t\t<\/ul>\n\t<\/div>\n\t<div class=\"fusion-post-content-wrapper\" style=\"padding:30px 25px 25px 25px;\"><div class=\"fusion-post-content post-content\"><h3 class=\"blog-shortcode-post-title entry-title\"><a href=\"https:\/\/zentrum.mx\/en\/hacia-una-operacion-mas-eficiente-rumbo-a-la-certificacion-iso-50001\/\">Hacia una operaci\u00f3n m\u00e1s eficiente: rumbo a la certificaci\u00f3n ISO 50001<\/a><\/h3><div class=\"fusion-post-content-container\"><p>En Zentrum nos encontramos en la etapa final hacia la [...]<\/p><\/div><\/div><\/div><div class=\"fusion-clearfix\"><\/div><\/div>\n<\/article>\n<article id=\"blog-1-post-3193\" class=\"fusion-post-grid post-3193 post type-post status-publish format-standard has-post-thumbnail hentry category-sin-categoria\">\n<div class=\"fusion-post-wrapper\" style=\"background-color:rgba(255,255,255,0);border:1px solid var(--awb-color2);border-bottom-width:3px;\">\n\n\t\t\t<div class=\"fusion-flexslider flexslider fusion-flexslider-loading fusion-post-slideshow\" style=\"border-color:var(--awb-color2);\">\n\t\t<ul class=\"slides\">\n\t\t\t\n\t\t\t\t\t\t\t\t\t\t\t\t\t\t<li><div  class=\"fusion-image-wrapper\" aria-haspopup=\"true\">\n\t\t\t\t<img decoding=\"async\" width=\"589\" height=\"265\" src=\"https:\/\/zentrum.mx\/wp-content\/uploads\/2026\/02\/fin-de-ano.jpg\" class=\"attachment-full size-full lazyload wp-post-image\" alt=\"\" srcset=\"data:image\/svg+xml,%3Csvg%20xmlns%3D%27http%3A%2F%2Fwww.w3.org%2F2000%2Fsvg%27%20width%3D%27589%27%20height%3D%27265%27%20viewBox%3D%270%200%20589%20265%27%3E%3Crect%20width%3D%27589%27%20height%3D%27265%27%20fill-opacity%3D%220%22%2F%3E%3C%2Fsvg%3E\" data-orig-src=\"https:\/\/zentrum.mx\/wp-content\/uploads\/2026\/02\/fin-de-ano.jpg\" data-srcset=\"https:\/\/zentrum.mx\/wp-content\/uploads\/2026\/02\/fin-de-ano-200x90.jpg 200w, https:\/\/zentrum.mx\/wp-content\/uploads\/2026\/02\/fin-de-ano-400x180.jpg 400w, https:\/\/zentrum.mx\/wp-content\/uploads\/2026\/02\/fin-de-ano.jpg 589w\" data-sizes=\"auto\" \/><div class=\"fusion-rollover\">\n\t<div class=\"fusion-rollover-content\">\n\n\t\t\t\t\t\t\t\t\t\t\t\t\t\t<a class=\"fusion-rollover-link\" href=\"https:\/\/zentrum.mx\/en\/celebracion-de-fin-de-ano-reconocimiento-y-agradecimiento-a-nuestros-colaboradores\/\">\u201cCelebraci\u00f3n de Fin de A\u00f1o: Reconocimiento y Agradecimiento a Nuestros Colaboradores\u201d<\/a>\n\t\t\t\n\t\t\t\t\t\t\t\t\t\t\t\t\t\t\n\t\t\t\t\t\t\t\t\n\t\t\t\t\t\t\t\t\t\t\t\t\t<div class=\"fusion-rollover-sep\"><\/div>\n\t\t\t\t\n\t\t\t\t\t\t\t\t\t\t\t\t\t\t\t\t\t\t<a class=\"fusion-rollover-gallery\" href=\"https:\/\/zentrum.mx\/wp-content\/uploads\/2026\/02\/fin-de-ano.jpg\" data-options=\"\" data-id=\"3193\" data-rel=\"iLightbox[gallery]\" data-title=\"fin de a\u00f1o\" data-caption=\"\">\n\t\t\t\t\t\tGallery\t\t\t\t\t<\/a>\n\t\t\t\t\t\t\t\t\t\t\t\t\t\t\n\t\t\n\t\t\t\t\t\t\t\t\t\t\t\t<h4 class=\"fusion-rollover-title\">\n\t\t\t\t\t<a class=\"fusion-rollover-title-link\" href=\"https:\/\/zentrum.mx\/en\/celebracion-de-fin-de-ano-reconocimiento-y-agradecimiento-a-nuestros-colaboradores\/\">\n\t\t\t\t\t\t\u201cCelebraci\u00f3n de Fin de A\u00f1o: Reconocimiento y Agradecimiento a Nuestros Colaboradores\u201d\t\t\t\t\t<\/a>\n\t\t\t\t<\/h4>\n\t\t\t\n\t\t\t\t\t\t\t\t\t\t<div class=\"fusion-rollover-categories\"><a href=\"https:\/\/zentrum.mx\/en\/category\/sin-categoria\/\" rel=\"tag\">Sin categor\u00eda<\/a><\/div>\t\t\t\t\t\n\t\t\n\t\t\t\t\t\t<a class=\"fusion-link-wrapper\" href=\"https:\/\/zentrum.mx\/en\/celebracion-de-fin-de-ano-reconocimiento-y-agradecimiento-a-nuestros-colaboradores\/\" aria-label=\"\u201cCelebraci\u00f3n de Fin de A\u00f1o: Reconocimiento y Agradecimiento a Nuestros Colaboradores\u201d\"><\/a>\n\t<\/div>\n<\/div>\n<\/div>\n<\/li>\n\t\t\t\n\t\t\t\n\t\t\t\t\t\t\t\t\t\t\t\t\t\t\t\t\t\t\t\t\t\t\t\t\t\t\t\t\t\t\t\t\t\t\t\t\t\t\t\t\t\t\t\t\t\t\t\t\t\t\t\t\t\t\t\t\t\t\t\t\t\t\t\t\t\t\t\t<\/ul>\n\t<\/div>\n\t<div class=\"fusion-post-content-wrapper\" style=\"padding:30px 25px 25px 25px;\"><div class=\"fusion-post-content post-content\"><h3 class=\"blog-shortcode-post-title entry-title\"><a href=\"https:\/\/zentrum.mx\/en\/celebracion-de-fin-de-ano-reconocimiento-y-agradecimiento-a-nuestros-colaboradores\/\">\u201cCelebraci\u00f3n de Fin de A\u00f1o: Reconocimiento y Agradecimiento a Nuestros Colaboradores\u201d<\/a><\/h3><div class=\"fusion-post-content-container\"><p>En Zentrum celebramos a quienes hacen posible nuestro crecimiento, como [...]<\/p><\/div><\/div><\/div><div class=\"fusion-clearfix\"><\/div><\/div>\n<\/article>\n<article id=\"blog-1-post-3180\" class=\"fusion-post-grid post-3180 post type-post status-publish format-standard has-post-thumbnail hentry category-sin-categoria\">\n<div class=\"fusion-post-wrapper\" style=\"background-color:rgba(255,255,255,0);border:1px solid var(--awb-color2);border-bottom-width:3px;\">\n\n\t\t\t<div class=\"fusion-flexslider flexslider fusion-flexslider-loading fusion-post-slideshow\" style=\"border-color:var(--awb-color2);\">\n\t\t<ul class=\"slides\">\n\t\t\t\n\t\t\t\t\t\t\t\t\t\t\t\t\t\t<li><div  class=\"fusion-image-wrapper\" aria-haspopup=\"true\">\n\t\t\t\t<img decoding=\"async\" width=\"575\" height=\"431\" src=\"https:\/\/zentrum.mx\/wp-content\/uploads\/2026\/02\/donaciom-2.jpg\" class=\"attachment-full size-full lazyload wp-post-image\" alt=\"\" srcset=\"data:image\/svg+xml,%3Csvg%20xmlns%3D%27http%3A%2F%2Fwww.w3.org%2F2000%2Fsvg%27%20width%3D%27575%27%20height%3D%27431%27%20viewBox%3D%270%200%20575%20431%27%3E%3Crect%20width%3D%27575%27%20height%3D%27431%27%20fill-opacity%3D%220%22%2F%3E%3C%2Fsvg%3E\" data-orig-src=\"https:\/\/zentrum.mx\/wp-content\/uploads\/2026\/02\/donaciom-2.jpg\" data-srcset=\"https:\/\/zentrum.mx\/wp-content\/uploads\/2026\/02\/donaciom-2-200x150.jpg 200w, https:\/\/zentrum.mx\/wp-content\/uploads\/2026\/02\/donaciom-2-400x300.jpg 400w, https:\/\/zentrum.mx\/wp-content\/uploads\/2026\/02\/donaciom-2.jpg 575w\" data-sizes=\"auto\" \/><div class=\"fusion-rollover\">\n\t<div class=\"fusion-rollover-content\">\n\n\t\t\t\t\t\t\t\t\t\t\t\t\t\t<a class=\"fusion-rollover-link\" href=\"https:\/\/zentrum.mx\/en\/compromiso-social-apoyo-y-solidaridad-con-casas-hogar\/\">\u201cCompromiso Social: Apoyo y Solidaridad con Casas Hogar\u201d<\/a>\n\t\t\t\n\t\t\t\t\t\t\t\t\t\t\t\t\t\t\n\t\t\t\t\t\t\t\t\n\t\t\t\t\t\t\t\t\t\t\t\t\t<div class=\"fusion-rollover-sep\"><\/div>\n\t\t\t\t\n\t\t\t\t\t\t\t\t\t\t\t\t\t\t\t\t\t\t<a class=\"fusion-rollover-gallery\" href=\"https:\/\/zentrum.mx\/wp-content\/uploads\/2026\/02\/donaciom-2.jpg\" data-options=\"\" data-id=\"3180\" data-rel=\"iLightbox[gallery]\" data-title=\"donaciom 2\" data-caption=\"\">\n\t\t\t\t\t\tGallery\t\t\t\t\t<\/a>\n\t\t\t\t\t\t\t\t\t\t\t\t\t\t\n\t\t\n\t\t\t\t\t\t\t\t\t\t\t\t<h4 class=\"fusion-rollover-title\">\n\t\t\t\t\t<a class=\"fusion-rollover-title-link\" href=\"https:\/\/zentrum.mx\/en\/compromiso-social-apoyo-y-solidaridad-con-casas-hogar\/\">\n\t\t\t\t\t\t\u201cCompromiso Social: Apoyo y Solidaridad con Casas Hogar\u201d\t\t\t\t\t<\/a>\n\t\t\t\t<\/h4>\n\t\t\t\n\t\t\t\t\t\t\t\t\t\t<div class=\"fusion-rollover-categories\"><a href=\"https:\/\/zentrum.mx\/en\/category\/sin-categoria\/\" rel=\"tag\">Sin categor\u00eda<\/a><\/div>\t\t\t\t\t\n\t\t\n\t\t\t\t\t\t<a class=\"fusion-link-wrapper\" href=\"https:\/\/zentrum.mx\/en\/compromiso-social-apoyo-y-solidaridad-con-casas-hogar\/\" aria-label=\"\u201cCompromiso Social: Apoyo y Solidaridad con Casas Hogar\u201d\"><\/a>\n\t<\/div>\n<\/div>\n<\/div>\n<\/li>\n\t\t\t\n\t\t\t\n\t\t\t\t\t\t\t\t\t\t\t\t\t\t\t\t\t\t\t\t\t\t\t\t\t\t\t\t\t\t\t\t\t\t\t\t\t\t\t\t\t\t\t\t\t\t\t\t\t\t\t\t\t\t\t\t\t\t\t\t\t\t\t\t\t\t\t\t<\/ul>\n\t<\/div>\n\t<div class=\"fusion-post-content-wrapper\" style=\"padding:30px 25px 25px 25px;\"><div class=\"fusion-post-content post-content\"><h3 class=\"blog-shortcode-post-title entry-title\"><a href=\"https:\/\/zentrum.mx\/en\/compromiso-social-apoyo-y-solidaridad-con-casas-hogar\/\">\u201cCompromiso Social: Apoyo y Solidaridad con Casas Hogar\u201d<\/a><\/h3><div class=\"fusion-post-content-container\"><p>En Zentrum creemos que el verdadero impacto se construye a [...]<\/p><\/div><\/div><\/div><div class=\"fusion-clearfix\"><\/div><\/div>\n<\/article>\n<div class=\"fusion-clearfix\"><\/div><\/div><\/div><\/div><\/div><\/div><\/div><\/p>\n","protected":false},"excerpt":{"rendered":"","protected":false},"author":1,"featured_media":0,"parent":0,"menu_order":0,"comment_status":"closed","ping_status":"closed","template":"100-width.php","meta":{"footnotes":""},"class_list":["post-1738","page","type-page","status-publish","hentry"],"acf":[],"_links":{"self":[{"href":"https:\/\/zentrum.mx\/en\/wp-json\/wp\/v2\/pages\/1738","targetHints":{"allow":["GET"]}}],"collection":[{"href":"https:\/\/zentrum.mx\/en\/wp-json\/wp\/v2\/pages"}],"about":[{"href":"https:\/\/zentrum.mx\/en\/wp-json\/wp\/v2\/types\/page"}],"author":[{"embeddable":true,"href":"https:\/\/zentrum.mx\/en\/wp-json\/wp\/v2\/users\/1"}],"replies":[{"embeddable":true,"href":"https:\/\/zentrum.mx\/en\/wp-json\/wp\/v2\/comments?post=1738"}],"version-history":[{"count":0,"href":"https:\/\/zentrum.mx\/en\/wp-json\/wp\/v2\/pages\/1738\/revisions"}],"wp:attachment":[{"href":"https:\/\/zentrum.mx\/en\/wp-json\/wp\/v2\/media?parent=1738"}],"curies":[{"name":"wp","href":"https:\/\/api.w.org\/{rel}","templated":true}]}}